{"id":6670,"date":"2022-06-05T10:53:28","date_gmt":"2022-06-05T08:53:28","guid":{"rendered":"https:\/\/twojdomdialogztradycja.nid.pl\/?page_id=6670"},"modified":"2022-07-01T08:21:07","modified_gmt":"2022-07-01T06:21:07","slug":"konferencja-architektura-regionalna-rzeczywista-potrzeba-czy-iluzja","status":"publish","type":"page","link":"https:\/\/twojdomdialogztradycja.nid.pl\/en\/materialy-audiowizualne\/konferencja-architektura-regionalna-rzeczywista-potrzeba-czy-iluzja\/","title":{"rendered":"Konferencja &#8220;Architektura regionalna &#8211; rzeczywista potrzeba czy iluzja&#8221;"},"content":{"rendered":"<p>[et_pb_section fb_built=&#8221;1&#8243; _builder_version=&#8221;4.7.4&#8243; _module_preset=&#8221;default&#8221; custom_padding=&#8221;0px||0px|||&#8221; global_colors_info=&#8221;{}&#8221;][et_pb_row admin_label=&#8221;asdsadsdd&#8221; _builder_version=&#8221;4.14.9&#8243; _module_preset=&#8221;default&#8221; background_image=&#8221;https:\/\/twojdomdialogztradycja.nid.pl\/wp-content\/uploads\/2022\/06\/twoj-dom-z-tradycja-top-4.jpg&#8221; width=&#8221;100%&#8221; max_width=&#8221;100%&#8221; height=&#8221;500px&#8221; custom_margin=&#8221;|auto||auto|false|false&#8221; custom_padding=&#8221;0px||0px|||&#8221; hover_enabled=&#8221;0&#8243; global_colors_info=&#8221;{}&#8221; sticky_enabled=&#8221;0&#8243;][et_pb_column type=&#8221;4_4&#8243; _builder_version=&#8221;4.14.9&#8243; _module_preset=&#8221;default&#8221; global_colors_info=&#8221;{}&#8221;][\/et_pb_column][\/et_pb_row][\/et_pb_section][et_pb_section fb_built=&#8221;1&#8243; _builder_version=&#8221;4.7.4&#8243; _module_preset=&#8221;default&#8221; custom_padding=&#8221;0px|0px|0px|0px|false|false&#8221; global_colors_info=&#8221;{}&#8221;][et_pb_row _builder_version=&#8221;4.7.4&#8243; _module_preset=&#8221;default&#8221; width=&#8221;100%&#8221; max_width=&#8221;100%&#8221; custom_margin=&#8221;|auto|2px|auto||&#8221; custom_padding=&#8221;50px|50px|50px|50px|false|false&#8221; global_colors_info=&#8221;{}&#8221;][et_pb_column type=&#8221;4_4&#8243; _builder_version=&#8221;4.7.4&#8243; _module_preset=&#8221;default&#8221; global_colors_info=&#8221;{}&#8221;][et_pb_code _builder_version=&#8221;4.14.9&#8243; _module_preset=&#8221;default&#8221; custom_margin=&#8221;||0px||false|false&#8221; custom_padding=&#8221;||||false|false&#8221; global_colors_info=&#8221;{}&#8221;]<\/p>\n<div id=\"backButtonBox\" class=\"et_pb_module et_pb_text et_pb_text_0  et_pb_text_align_left et_pb_bg_layout_light\" style=\"display: block;\"><!-- [et_pb_line_break_holder] --><\/p>\n<div class=\"et_pb_text_inner\">\n<div class=\"backButton\" onclick=\"javascript:window.history.back();\"><span>\u2190<\/span>Powr\u00f3t<\/div>\n<\/div>\n<p><!-- [et_pb_line_break_holder] --><\/div>\n<p>[\/et_pb_code][et_pb_text _builder_version=&#8221;4.7.4&#8243; _dynamic_attributes=&#8221;content&#8221; _module_preset=&#8221;default&#8221; text_font_size=&#8221;26px&#8221; custom_margin=&#8221;||25px||false|false&#8221; custom_padding=&#8221;||||false|false&#8221; global_colors_info=&#8221;{}&#8221;]@ET-DC@eyJkeW5hbWljIjp0cnVlLCJjb250ZW50IjoicG9zdF90aXRsZSIsInNldHRpbmdzIjp7ImJlZm9yZSI6IiIsImFmdGVyIjoiIn19@[\/et_pb_text][et_pb_divider _builder_version=&#8221;4.14.9&#8243; _module_preset=&#8221;default&#8221; background_color=&#8221;#e52330&#8243; height=&#8221;5px&#8221; custom_margin=&#8221;0px||25px||false|false&#8221; custom_padding=&#8221;0px||0px||false|false&#8221; global_colors_info=&#8221;{}&#8221;][\/et_pb_divider][et_pb_text _builder_version=&#8221;4.14.9&#8243; _module_preset=&#8221;default&#8221; global_colors_info=&#8221;{}&#8221;]<\/p>\n<p>Konferencja na temat architektury regionalnej \u201eArchitektura regionalna \u2013 rzeczywista potrzeba czy iluzja?\u201d po\u0142\u0105czona z dyskusj\u0105 o mo\u017cliwo\u015bciach czerpania wzorc\u00f3w z tradycji we wsp\u00f3\u0142czesnym budownictwie w krajobrazie wiejskim i podmiejskim odby\u0142a si\u0119 w dniach 15-16 wrze\u015bnia 2021 r.<\/p>\n<p>Uczestnicy starali si\u0119 odpowiedzie\u0107 m.in. na pytania: Czym jest region i regionalizm?; Jak budowano zgodnie z tradycj\u0105 i krajobrazem w przesz\u0142o\u015bci i jak to mo\u017cna robi\u0107 dzisiaj?; Co powinno by\u0107 punktem odniesienia dla projektant\u00f3w i jakie \u017ar\u00f3d\u0142a inspiracji wskazywa\u0107?; W jakich elementach krajobrazu i architektury szuka\u0107 swoistego genius loci danego obszaru?; a tak\u017ce zapozna\u0107 si\u0119 z pomys\u0142ami i koncepcjami architekt\u00f3w i student\u00f3w architektury.<\/p>\n<p>[\/et_pb_text][et_pb_text _builder_version=&#8221;4.14.9&#8243; _module_preset=&#8221;default&#8221; global_colors_info=&#8221;{}&#8221;]<\/p>\n<p><strong>Dorota Brauntsch \u201eDomy bezdomne\u201d &#8211; spotkanie autorskie<\/strong><\/p>\n<p>Spotkanie autorskie z Dorot\u0105 Brauntsch, autork\u0105 ksi\u0105\u017cki \u201eDomy bezdomne\u201d, kt\u00f3re odby\u0142o si\u0119 16 wrze\u015bnia 2021 roku w Olsztynie, zorganizowane w ramach konferencji \u201eArchitektura regionalna \u2013 rzeczywista potrzeba czy iluzja?\u201d. Spotkanie prowadzi\u0142 Micha\u0142 Olszewski.<\/p>\n<p><iframe loading=\"lazy\" title=\"Dorota Brauntsch \u201eDomy bezdomne\u201d - spotkanie autorskie\" width=\"1080\" height=\"608\" src=\"https:\/\/www.youtube.com\/embed\/Vza3xeRjuP4?feature=oembed\"  allow=\"accelerometer; autoplay; clipboard-write; encrypted-media; gyroscope; picture-in-picture\" allowfullscreen><\/iframe><\/p>\n<p>&nbsp;<\/p>\n<p><strong>El\u017cbieta Lech-Gotthardt &#8211; Nowe domy przys\u0142upowe szans\u0105 na ratowanie przestrzeni kulturowej \u0141u\u017cyc<\/strong><\/p>\n<p>Wyst\u0105pienie na konferencji \u201eArchitektura regionalna \u2013 rzeczywista potrzeba czy iluzja?\u201d. Panel III: Regionalizm \u2013 Inspiracje.<\/p>\n<p>Konferencja zorganizowana przez Narodowy Instytut Dziedzictwa odby\u0142a si\u0119 w Olsztynie w dniach 15 \u2013 16 wrze\u015bnia 2021 r.<\/p>\n<p><iframe loading=\"lazy\" title=\"El\u017cbieta Lech-Gotthardt - Nowe domy przys\u0142upowe szans\u0105 na ratowanie przestrzeni kulturowej \u0141u\u017cyc\" width=\"1080\" height=\"608\" src=\"https:\/\/www.youtube.com\/embed\/kMQs2YV6ITg?feature=oembed\"  allow=\"accelerometer; autoplay; clipboard-write; encrypted-media; gyroscope; picture-in-picture\" allowfullscreen><\/iframe><\/p>\n<p>&nbsp;<\/p>\n<p><strong>El\u017cbieta Raszeja &#8211; Poza cztery \u015bciany i op\u0142otki<\/strong><\/p>\n<p>Poza cztery \u015bciany i op\u0142otki \u2013 kontekst przestrzenno-krajobrazowy architektury regionalnej. Wyst\u0105pienie na konferencji \u201eArchitektura regionalna \u2013 rzeczywista potrzeba czy iluzja?\u201d. Panel II: Regionalizm \u2013 Konteksty. Konferencja zorganizowana przez Narodowy Instytut Dziedzictwa odby\u0142a si\u0119 w Olsztynie w dniach 15 \u2013 16 wrze\u015bnia 2021 roku.<\/p>\n<p><iframe loading=\"lazy\" title=\"El\u017cbieta Raszeja - Poza cztery \u015bciany i op\u0142otki\" width=\"1080\" height=\"608\" src=\"https:\/\/www.youtube.com\/embed\/3tl-vMR1woM?feature=oembed\"  allow=\"accelerometer; autoplay; clipboard-write; encrypted-media; gyroscope; picture-in-picture\" allowfullscreen><\/iframe><\/p>\n<p>&nbsp;<\/p>\n<p><strong>Iwona Li\u017cewska &#8211; Tradycyjne budownictwo Warmii i Mazur jako inspiracja<\/strong><\/p>\n<p>Tradycyjne budownictwo Warmii i Mazur jako inspiracja dla dom\u00f3w w krajobrazie wiejskim w XX wieku. Wyst\u0105pienie na konferencji \u201eArchitektura regionalna \u2013 rzeczywista potrzeba czy iluzja?\u201d. Panel III: Regionalizm \u2013 Inspiracje.<\/p>\n<p>Konferencja zorganizowana przez Narodowy Instytut Dziedzictwa odby\u0142a si\u0119 w Olsztynie w dniach 15 \u2013 16 wrze\u015bnia 2021 r.<\/p>\n<p><iframe loading=\"lazy\" title=\"Iwona Li\u017cewska - Tradycyjne budownictwo Warmii i Mazur jako inspiracja\" width=\"1080\" height=\"608\" src=\"https:\/\/www.youtube.com\/embed\/UOYx6LP29Hc?feature=oembed\"  allow=\"accelerometer; autoplay; clipboard-write; encrypted-media; gyroscope; picture-in-picture\" allowfullscreen><\/iframe><\/p>\n<p>&nbsp;<\/p>\n<p><strong>Jacek Poniedzia\u0142ek Regionalizm jako zjawisko wielowymiarowe \u2013 geneza, rozw\u00f3j, odmiany<\/strong><\/p>\n<p>Wyst\u0105pienie na konferencji \u201eArchitektura regionalna \u2013 rzeczywista potrzeba czy iluzja?\u201d. Panel I: Regionalizm \u2013 Idea.<\/p>\n<p>Konferencja zorganizowana przez Narodowy Instytut Dziedzictwa odby\u0142a si\u0119 w Olsztynie w dniach 15 \u2013 16 wrze\u015bnia 2021 r.<\/p>\n<p><iframe loading=\"lazy\" title=\"Jacek Poniedzia\u0142ek Regionalizm jako zjawisko wielowymiarowe \u2013 geneza, rozw\u00f3j, odmiany\" width=\"1080\" height=\"608\" src=\"https:\/\/www.youtube.com\/embed\/hzmGTeDdJvA?feature=oembed\"  allow=\"accelerometer; autoplay; clipboard-write; encrypted-media; gyroscope; picture-in-picture\" allowfullscreen><\/iframe><\/p>\n<p>&nbsp;<\/p>\n<p><strong>Janusz Grycel Tradycja regionalna jako kryterium kszta\u0142towania wsp\u00f3\u0142czesnej formy architektonicznej<\/strong><\/p>\n<p>Wyst\u0105pienie na konferencji \u201eArchitektura regionalna \u2013 rzeczywista potrzeba czy iluzja?\u201d. Panel III: Regionalizm \u2013 Inspiracje.<\/p>\n<p>Konferencja zorganizowana przez Narodowy Instytut Dziedzictwa odby\u0142a si\u0119 w Olsztynie w dniach 15 \u2013 16 wrze\u015bnia 2021 r.<\/p>\n<p><iframe loading=\"lazy\" title=\"Janusz Grycel Tradycja regionalna jako kryterium kszta\u0142towania wsp\u00f3\u0142czesnej formy architektonicznej\" width=\"1080\" height=\"608\" src=\"https:\/\/www.youtube.com\/embed\/x1VOS6Erkk0?feature=oembed\"  allow=\"accelerometer; autoplay; clipboard-write; encrypted-media; gyroscope; picture-in-picture\" allowfullscreen><\/iframe><\/p>\n<p>&nbsp;<\/p>\n<p><strong>Jerzy U\u015bcinowicz &#8211; Dyskretny urok kultur lokalnych \u2013 o duchu wcielonym architektury miejsca<\/strong><\/p>\n<p>Wyst\u0105pienie na konferencji \u201eArchitektura regionalna \u2013 rzeczywista potrzeba czy iluzja?\u201d. Panel I: Regionalizm \u2013 Idea.<\/p>\n<p>Konferencja zorganizowana przez Narodowy Instytut Dziedzictwa odby\u0142a si\u0119 w Olsztynie w dniach 15 \u2013 16 wrze\u015bnia 2021 r.<\/p>\n<p><iframe loading=\"lazy\" title=\"Jerzy U\u015bcinowicz - Dyskretny urok kultur lokalnych \u2013 o duchu wcielonym architektury miejsca\" width=\"1080\" height=\"608\" src=\"https:\/\/www.youtube.com\/embed\/5Fx8IWZNwxI?feature=oembed\"  allow=\"accelerometer; autoplay; clipboard-write; encrypted-media; gyroscope; picture-in-picture\" allowfullscreen><\/iframe><\/p>\n<p>&nbsp;<\/p>\n<p><strong>Laura Korach &#8211; Dom na osiedlu Jazd\u00f3w w Warszawie<\/strong><\/p>\n<p>Konferencja \u201eArchitektura regionalna \u2013 rzeczywista potrzeba czy iluzja?\u201d<\/p>\n<p>Prezentacja projektu semestralnego wykonanego pod kierunkiem Macieja Mi\u0142ob\u0119dzkiego i Macieja Rydza na Wydziale Architektury Politechniki Warszawskiej.<\/p>\n<p>Konferencja zorganizowana przez Narodowy Instytut Dziedzictwa odby\u0142a si\u0119 w Olsztynie w dniach 15 \u2013 16 wrze\u015bnia 2021 r.<\/p>\n<p><iframe loading=\"lazy\" title=\"Laura Korach - Dom na osiedlu Jazd\u00f3w w Warszawie\" width=\"1080\" height=\"608\" src=\"https:\/\/www.youtube.com\/embed\/0BtgYs8w7sE?feature=oembed\"  allow=\"accelerometer; autoplay; clipboard-write; encrypted-media; gyroscope; picture-in-picture\" allowfullscreen><\/iframe><\/p>\n<p>&nbsp;<\/p>\n<p><strong>Ma\u0142gorzata Rozbicka &#8211; Kierunek swojski w mi\u0119dzywojennej architekturze wsi i miasteczka<\/strong><\/p>\n<p>Ma\u0142gorzata Rozbicka, Kierunek \u201eswojski\u201d w mi\u0119dzywojennej architekturze wsi i miasteczka: podstawy ideowe, wzorce, d\u0105\u017cenia, efekty projektowe<\/p>\n<p>Wyst\u0105pienie na konferencji \u201eArchitektura regionalna \u2013 rzeczywista potrzeba czy iluzja?\u201d. Panel II: Regionalizm \u2013 Konteksty.<\/p>\n<p>Konferencja zorganizowana przez Narodowy Instytut Dziedzictwa odby\u0142a si\u0119 w Olsztynie w dniach 15 \u2013 16 wrze\u015bnia 2021 r.<\/p>\n<p><iframe loading=\"lazy\" title=\"Ma\u0142gorzata Rozbicka - Kierunek swojski w mi\u0119dzywojennej architekturze wsi i miasteczka\" width=\"1080\" height=\"608\" src=\"https:\/\/www.youtube.com\/embed\/ZIjkCMHcK-Q?feature=oembed\"  allow=\"accelerometer; autoplay; clipboard-write; encrypted-media; gyroscope; picture-in-picture\" allowfullscreen><\/iframe><\/p>\n<p>&nbsp;<\/p>\n<p><strong>Maria Stolarczyk &#8211; Dom wyrastaj\u0105cy z traw<\/strong><\/p>\n<p>Maria Stolarczyk, Dom wyrastaj\u0105cy z traw \u2013 wykorzystanie mikroregionu Siekierek w projekcie domu jednorodzinnego. Konferencja \u201eArchitektura regionalna \u2013 rzeczywista potrzeba czy iluzja?\u201d. Prezentacja projektu semestralnego wykonanego pod kierunkiem Macieja Mi\u0142ob\u0119dzkiego<\/p>\n<p>i Macieja Rydza na Wydziale Architektury Politechniki Warszawskiej.<\/p>\n<p>Konferencja zorganizowana przez Narodowy Instytut Dziedzictwa odby\u0142a si\u0119 w Olsztynie w dniach 15 \u2013 16 wrze\u015bnia 2021 r.<\/p>\n<p><iframe loading=\"lazy\" title=\"Maria Stolarczyk - Dom wyrastaj\u0105cy z traw\" width=\"1080\" height=\"608\" src=\"https:\/\/www.youtube.com\/embed\/r34lUeRkGBQ?feature=oembed\"  allow=\"accelerometer; autoplay; clipboard-write; encrypted-media; gyroscope; picture-in-picture\" allowfullscreen><\/iframe><\/p>\n<p>&nbsp;<\/p>\n<p><strong>Micha\u0142 Madeja &#8211; Dom z pracowni\u0105 rzemie\u015blnicz\u0105 w Beskidzie Niskim<\/strong><\/p>\n<p>Konferencja \u201eArchitektura regionalna \u2013 rzeczywista potrzeba czy iluzja?\u201d.<\/p>\n<p>Prezentacja dyplomu in\u017cynierskiego wykonanego pod kierunkiem Macieja Mi\u0142ob\u0119dzkiego i Piotra Tr\u0119bacza na Wydziale Architektury Politechniki Warszawskiej.<\/p>\n<p>Konferencja zorganizowana przez Narodowy Instytut Dziedzictwa odby\u0142a si\u0119 w Olsztynie w dniach 15 \u2013 16 wrze\u015bnia 2021 r.<\/p>\n<p><iframe loading=\"lazy\" title=\"Micha\u0142 Madeja - Dom z pracowni\u0105  rzemie\u015blnicz\u0105 w Beskidzie Niskim\" width=\"1080\" height=\"608\" src=\"https:\/\/www.youtube.com\/embed\/-ZUf347Q0d8?feature=oembed\"  allow=\"accelerometer; autoplay; clipboard-write; encrypted-media; gyroscope; picture-in-picture\" allowfullscreen><\/iframe><\/p>\n<p>&nbsp;<\/p>\n<p><strong>Paulina Piwowar, Mateusz Tomaszewski &#8211; warsztaty z projektowania regionalnego<\/strong><\/p>\n<p>Konferencja \u201eArchitektura regionalna \u2013 rzeczywista potrzeba czy iluzja?\u201d.<\/p>\n<p>Prezentacja projektu wykonanego podczas warsztat\u00f3w z projektowania regionalnego dla wojew\u00f3dztwa \u015bl\u0105skiego zorganizowanych w lipcu 2021 przez Narodowy Instytut Dziedzictwa. Warsztaty prowadzi\u0142 W\u0142odzimierz Witkowski.<\/p>\n<p>Konferencja zorganizowana przez Narodowy Instytut Dziedzictwa odby\u0142a si\u0119 w Olsztynie w dniach 15 \u2013 16 wrze\u015bnia 2021 r.<\/p>\n<p><iframe loading=\"lazy\" title=\"Paulina Piwowar, Mateusz Tomaszewski - warsztaty z projektowania regionalnego\" width=\"1080\" height=\"608\" src=\"https:\/\/www.youtube.com\/embed\/z7lbdalKqT4?feature=oembed\"  allow=\"accelerometer; autoplay; clipboard-write; encrypted-media; gyroscope; picture-in-picture\" allowfullscreen><\/iframe><\/p>\n<p>&nbsp;<\/p>\n<p><strong>Robert Traba &#8211; o potrzebie poszukiwania autentyczno\u015bci w krajobrazie kulturowym<\/strong><\/p>\n<p>Robert Traba, Wynajdywanie tradycji, czyli o potrzebie poszukiwania autentyczno\u015bci w krajobrazie kulturowym. Wyst\u0105pienie na konferencji \u201eArchitektura regionalna \u2013 rzeczywista potrzeba czy iluzja?\u201d. Panel I: Regionalizm \u2013 Idea.<\/p>\n<p>Konferencja zorganizowana przez Narodowy Instytut Dziedzictwa odby\u0142a si\u0119 w Olsztynie w dniach 15 \u2013 16 wrze\u015bnia 2021 r.<\/p>\n<p><iframe loading=\"lazy\" title=\"Robert Traba - o potrzebie poszukiwania autentyczno\u015bci w krajobrazie kulturowym\" width=\"1080\" height=\"608\" src=\"https:\/\/www.youtube.com\/embed\/YCLJ9kp7AJA?feature=oembed\"  allow=\"accelerometer; autoplay; clipboard-write; encrypted-media; gyroscope; picture-in-picture\" allowfullscreen><\/iframe><\/p>\n<p>&nbsp;<\/p>\n<p><strong>W\u0142odzimierz Witkowski &#8211; Architektury regionalnej \u2013 przesz\u0142o\u015b\u0107 \u2013 wsp\u00f3\u0142czesno\u015b\u0107 \u2013 przysz\u0142o\u015b\u0107<\/strong><\/p>\n<p>Wyst\u0105pienie na konferencji \u201eArchitektura regionalna \u2013 rzeczywista potrzeba czy iluzja?\u201d. Panel VI: Regionalizm \u2013 Perspektywy.<\/p>\n<p>Konferencja zorganizowana przez Narodowy Instytut Dziedzictwa odby\u0142a si\u0119 w Olsztynie w dniach 15 \u2013 16 wrze\u015bnia 2021 r.<\/p>\n<p><iframe loading=\"lazy\" title=\"W\u0142odzimierz Witkowski - Architektury regionalnej \u2013 przesz\u0142o\u015b\u0107 \u2013 wsp\u00f3\u0142czesno\u015b\u0107 \u2013 przysz\u0142o\u015b\u0107\" width=\"1080\" height=\"608\" src=\"https:\/\/www.youtube.com\/embed\/8SN5ZXjRHkA?feature=oembed\"  allow=\"accelerometer; autoplay; clipboard-write; encrypted-media; gyroscope; picture-in-picture\" allowfullscreen><\/iframe><\/p>\n<p>&nbsp;<\/p>\n<p><strong>Wojciech \u0141ukowski &#8211; Wzajemne dopasowanie w krajobrazie wsi i ma\u0142ych miast<\/strong><\/p>\n<p>Wyst\u0105pienie na konferencji \u201eArchitektura regionalna \u2013 rzeczywista potrzeba czy iluzja?\u201d. Panel II: Regionalizm \u2013 Konteksty.<\/p>\n<p>Konferencja zorganizowana przez Narodowy Instytut Dziedzictwa odby\u0142a si\u0119 w Olsztynie w dniach 15 \u2013 16 wrze\u015bnia 2021 r.<\/p>\n<p><iframe loading=\"lazy\" title=\"Wojciech \u0141ukowski - Wzajemne dopasowanie w krajobrazie wsi i ma\u0142ych miast\" width=\"1080\" height=\"608\" src=\"https:\/\/www.youtube.com\/embed\/72NZK4XoeGM?feature=oembed\"  allow=\"accelerometer; autoplay; clipboard-write; encrypted-media; gyroscope; picture-in-picture\" allowfullscreen><\/iframe><\/p>\n<p>&nbsp;<\/p>\n<p><strong>Zofia Gawur &#8211; Projekt domu jednorodzinnego na warszawskich Siekierkach<\/strong><\/p>\n<p>Konferencja \u201eArchitektura regionalna \u2013 rzeczywista potrzeba czy iluzja?\u201d<\/p>\n<p>Prezentacja projektu semestralnego wykonanego pod kierunkiem Macieja Mi\u0142ob\u0119dzkiego i Macieja Rydza na Wydziale Architektury Politechniki Warszawskiej.<\/p>\n<p>Konferencja zorganizowana przez Narodowy Instytut Dziedzictwa odby\u0142a si\u0119 w Olsztynie w dniach 15 \u2013 16 wrze\u015bnia 2021 r.<\/p>\n<p><iframe loading=\"lazy\" title=\"Zofia Gawur - Projekt domu jednorodzinnego na warszawskich Siekierkach\" width=\"1080\" height=\"608\" src=\"https:\/\/www.youtube.com\/embed\/rv04LFWIvsw?feature=oembed\"  allow=\"accelerometer; autoplay; clipboard-write; encrypted-media; gyroscope; picture-in-picture\" allowfullscreen><\/iframe><\/p>\n<p>&nbsp;<\/p>\n<p><strong>Zygmunt Stiasny &#8211; Dom na Siekierkach<\/strong><\/p>\n<p>Konferencja \u201eArchitektura regionalna \u2013 rzeczywista potrzeba czy iluzja?\u201d.<\/p>\n<p>Prezentacja projektu semestralnego wykonanego pod kierunkiem Macieja Mi\u0142ob\u0119dzkiego i Macieja Rydza na Wydziale Architektury Politechniki Warszawskiej.<\/p>\n<p>Konferencja zorganizowana przez Narodowy Instytut Dziedzictwa odby\u0142a si\u0119 w Olsztynie w dniach 15 \u2013 16 wrze\u015bnia 2021 r.<\/p>\n<p><iframe loading=\"lazy\" title=\"Zygmunt Stiasny - Dom na Siekierkach\" width=\"1080\" height=\"608\" src=\"https:\/\/www.youtube.com\/embed\/hz9TK2cN7z4?feature=oembed\"  allow=\"accelerometer; autoplay; clipboard-write; encrypted-media; gyroscope; picture-in-picture\" allowfullscreen><\/iframe><\/p>\n<p>&nbsp;<\/p>\n<p><strong>Beate St\u00f6rtkuhl &#8211; Mi\u0119dzy nostalgi\u0105 ma\u0142ej ojczyzny a typizacj\u0105<\/strong><\/p>\n<p>Beate St\u00f6rtkuhl, Mi\u0119dzy nostalgi\u0105 ma\u0142ej ojczyzny a typizacj\u0105 \u2013 koncepcje architektury regionalnej w pierwszych dekadach XX wieku. Wyst\u0105pienie na konferencji \u201eArchitektura regionalna \u2013 rzeczywista potrzeba czy iluzja?\u201d.<\/p>\n<p>Panel II: Regionalizm \u2013 Konteksty.<\/p>\n<p>Konferencja zorganizowana przez Narodowy Instytut Dziedzictwa odby\u0142a si\u0119 w Olsztynie w dniach 15 \u2013 16 wrze\u015bnia 2021 r.<\/p>\n<p><iframe loading=\"lazy\" title=\"Beate St\u00f6rtkuhl - Mi\u0119dzy nostalgi\u0105 ma\u0142ej ojczyzny a typizacj\u0105\" width=\"1080\" height=\"608\" src=\"https:\/\/www.youtube.com\/embed\/DzoyWcu93BE?feature=oembed\"  allow=\"accelerometer; autoplay; clipboard-write; encrypted-media; gyroscope; picture-in-picture\" allowfullscreen><\/iframe><\/p>\n<p>[\/et_pb_text][\/et_pb_column][\/et_pb_row][\/et_pb_section][et_pb_section fb_built=&#8221;1&#8243; _builder_version=&#8221;4.7.4&#8243; _module_preset=&#8221;default&#8221; custom_margin=&#8221;43px||||false|false&#8221; custom_padding=&#8221;0px||0px||false|false&#8221; global_module=&#8221;353&#8243; saved_tabs=&#8221;all&#8221; global_colors_info=&#8221;{}&#8221;][et_pb_row column_structure=&#8221;1_3,1_3,1_3&#8243; use_custom_gutter=&#8221;on&#8221; gutter_width=&#8221;1&#8243; _builder_version=&#8221;4.7.4&#8243; _module_preset=&#8221;default&#8221; background_color=&#8221;rgba(0,0,0,0)&#8221; width=&#8221;100%&#8221; max_width=&#8221;2560px&#8221; custom_padding=&#8221;0px||0px||false|false&#8221; global_colors_info=&#8221;{}&#8221;][et_pb_column type=&#8221;1_3&#8243; _builder_version=&#8221;4.7.4&#8243; _module_preset=&#8221;default&#8221; background_color=&#8221;#e52330&#8243; global_colors_info=&#8221;{}&#8221;][et_pb_blurb title=&#8221;Subskrybuj newsletter NID&#8221; use_icon=&#8221;on&#8221; font_icon=&#8221;&#xe106;||divi||400&#8243; icon_placement=&#8221;left&#8221; image_icon_width=&#8221;50px&#8221; module_class=&#8221;bigButtonModules&#8221; _builder_version=&#8221;4.13.0&#8243; _module_preset=&#8221;default&#8221; header_level=&#8221;h3&#8243; header_font=&#8221;|700|||||||&#8221; header_text_color=&#8221;#ffffff&#8221; body_text_color=&#8221;#ffffff&#8221; background_color=&#8221;#e52330&#8243; custom_margin=&#8221;||||false|false&#8221; custom_padding=&#8221;25px|25px|25px|25px|false|false&#8221; animation=&#8221;off&#8221; link_option_url=&#8221;https:\/\/twojdomdialogztradycja.nid.pl\/newsletter&#8221; custom_css_blurb_image=&#8221;padding-right: 20px;||vertical-align: middle;&#8221; icon_font_size=&#8221;50px&#8221; global_colors_info=&#8221;{}&#8221;]<\/p>\n<p>Zapisz si\u0119 do naszego newslettera i otrzymuj naj\u015bwie\u017csze informacj\u0119 ze \u015bwiata kultury.<\/p>\n<p>[\/et_pb_blurb][\/et_pb_column][et_pb_column type=&#8221;1_3&#8243; _builder_version=&#8221;4.7.4&#8243; _module_preset=&#8221;default&#8221; background_color=&#8221;#e52330&#8243; global_colors_info=&#8221;{}&#8221;][et_pb_blurb title=&#8221;Ksi\u0119garnia NID&#8221; url_new_window=&#8221;on&#8221; use_icon=&#8221;on&#8221; font_icon=&#8221;&#xe022;||divi||400&#8243; icon_placement=&#8221;left&#8221; image_icon_width=&#8221;50px&#8221; module_class=&#8221;bigButtonModules&#8221; _builder_version=&#8221;4.13.0&#8243; _module_preset=&#8221;default&#8221; header_level=&#8221;h3&#8243; header_font=&#8221;|700|||||||&#8221; header_text_color=&#8221;#ffffff&#8221; body_text_color=&#8221;#ffffff&#8221; background_color=&#8221;#444444&#8243; custom_margin=&#8221;||||false|false&#8221; custom_padding=&#8221;25px|25px|25px|25px|false|false&#8221; animation=&#8221;off&#8221; link_option_url=&#8221;https:\/\/ksiegarnia.twojdomdialogztradycja.nid.pl\/&#8221; link_option_url_new_window=&#8221;on&#8221; custom_css_blurb_image=&#8221;padding-right: 20px;||vertical-align: middle;&#8221; icon_font_size=&#8221;50px&#8221; global_colors_info=&#8221;{}&#8221;]<\/p>\n<p>Sprawd\u017a nasze produkty w ksi\u0119garni. Zamawiaj bez wychodzenia z domu ju\u017c teraz!<\/p>\n<p>[\/et_pb_blurb][\/et_pb_column][et_pb_column type=&#8221;1_3&#8243; _builder_version=&#8221;4.7.4&#8243; _module_preset=&#8221;default&#8221; background_color=&#8221;#e52330&#8243; global_colors_info=&#8221;{}&#8221;][et_pb_blurb title=&#8221;Platforma szkoleniowa&#8221; url_new_window=&#8221;on&#8221; use_icon=&#8221;on&#8221; font_icon=&#8221;&#xe0e9;||divi||400&#8243; icon_placement=&#8221;left&#8221; image_icon_width=&#8221;50px&#8221; module_class=&#8221;bigButtonModules&#8221; _builder_version=&#8221;4.13.0&#8243; _module_preset=&#8221;default&#8221; header_level=&#8221;h3&#8243; header_font=&#8221;|700|||||||&#8221; header_text_color=&#8221;#ffffff&#8221; body_text_color=&#8221;#ffffff&#8221; background_color=&#8221;#6b6b6b&#8221; custom_margin=&#8221;||||false|false&#8221; custom_padding=&#8221;25px|25px|25px|25px|false|false&#8221; animation=&#8221;off&#8221; link_option_url=&#8221;https:\/\/szkolenianid.learncom.pl&#8221; link_option_url_new_window=&#8221;on&#8221; custom_css_blurb_image=&#8221;padding-right: 20px;||vertical-align: middle;&#8221; icon_font_size=&#8221;50px&#8221; global_colors_info=&#8221;{}&#8221;]<\/p>\n<p>Zapisz si\u0119 na nasz\u0105 platform\u0119 e-szkoleniow\u0105 i dowiedz si\u0119 jak zarz\u0105dza\u0107 dziedzictwem i wykorzysta\u0107 jego potencja\u0142.<\/p>\n<p>[\/et_pb_blurb][\/et_pb_column][\/et_pb_row][\/et_pb_section]<\/p>","protected":false},"excerpt":{"rendered":"<p>Konferencja na temat architektury regionalnej \u201eArchitektura regionalna \u2013 rzeczywista potrzeba czy iluzja?\u201d po\u0142\u0105czona z dyskusj\u0105 o mo\u017cliwo\u015bciach czerpania wzorc\u00f3w z tradycji we wsp\u00f3\u0142czesnym budownictwie w krajobrazie wiejskim i podmiejskim odby\u0142a [&hellip;]<\/p>","protected":false},"author":8,"featured_media":0,"parent":6345,"menu_order":3,"comment_status":"closed","ping_status":"closed","template":"","meta":{"_et_pb_use_builder":"on","_et_pb_old_content":"<!-- wp:divi\/placeholder \/-->","_et_gb_content_width":"","footnotes":""},"class_list":["post-6670","page","type-page","status-publish","hentry"],"yoast_head":"<!-- This site is optimized with the Yoast SEO plugin v26.5 - https:\/\/yoast.com\/wordpress\/plugins\/seo\/ -->\n<title>Konferencja &quot;Architektura regionalna - rzeczywista potrzeba czy iluzja&quot; - NID<\/title>\n<meta name=\"robots\" content=\"index, follow, max-snippet:-1, max-image-preview:large, max-video-preview:-1\" \/>\n<link rel=\"canonical\" href=\"https:\/\/twojdomdialogztradycja.nid.pl\/en\/materialy-audiowizualne\/konferencja-architektura-regionalna-rzeczywista-potrzeba-czy-iluzja\/\" \/>\n<meta property=\"og:locale\" content=\"en_GB\" \/>\n<meta property=\"og:type\" content=\"article\" \/>\n<meta property=\"og:title\" content=\"Konferencja &quot;Architektura regionalna - rzeczywista potrzeba czy iluzja&quot; - NID\" \/>\n<meta property=\"og:description\" content=\"Konferencja na temat architektury regionalnej \u201eArchitektura regionalna \u2013 rzeczywista potrzeba czy iluzja?\u201d po\u0142\u0105czona z dyskusj\u0105 o mo\u017cliwo\u015bciach czerpania wzorc\u00f3w z tradycji we wsp\u00f3\u0142czesnym budownictwie w krajobrazie wiejskim i podmiejskim odby\u0142a [&hellip;]\" \/>\n<meta property=\"og:url\" content=\"https:\/\/twojdomdialogztradycja.nid.pl\/en\/materialy-audiowizualne\/konferencja-architektura-regionalna-rzeczywista-potrzeba-czy-iluzja\/\" \/>\n<meta property=\"og:site_name\" content=\"NID\" \/>\n<meta property=\"article:modified_time\" content=\"2022-07-01T06:21:07+00:00\" \/>\n<meta name=\"twitter:card\" content=\"summary_large_image\" \/>\n<script type=\"application\/ld+json\" class=\"yoast-schema-graph\">{\"@context\":\"https:\/\/schema.org\",\"@graph\":[{\"@type\":\"WebPage\",\"@id\":\"https:\/\/twojdomdialogztradycja.nid.pl\/materialy-audiowizualne\/konferencja-architektura-regionalna-rzeczywista-potrzeba-czy-iluzja\/\",\"url\":\"https:\/\/twojdomdialogztradycja.nid.pl\/materialy-audiowizualne\/konferencja-architektura-regionalna-rzeczywista-potrzeba-czy-iluzja\/\",\"name\":\"Konferencja \\\"Architektura regionalna - rzeczywista potrzeba czy iluzja\\\" - NID\",\"isPartOf\":{\"@id\":\"https:\/\/twojdomdialogztradycja.nid.pl\/#website\"},\"datePublished\":\"2022-06-05T08:53:28+00:00\",\"dateModified\":\"2022-07-01T06:21:07+00:00\",\"breadcrumb\":{\"@id\":\"https:\/\/twojdomdialogztradycja.nid.pl\/materialy-audiowizualne\/konferencja-architektura-regionalna-rzeczywista-potrzeba-czy-iluzja\/#breadcrumb\"},\"inLanguage\":\"en-GB\",\"potentialAction\":[{\"@type\":\"ReadAction\",\"target\":[\"https:\/\/twojdomdialogztradycja.nid.pl\/materialy-audiowizualne\/konferencja-architektura-regionalna-rzeczywista-potrzeba-czy-iluzja\/\"]}]},{\"@type\":\"BreadcrumbList\",\"@id\":\"https:\/\/twojdomdialogztradycja.nid.pl\/materialy-audiowizualne\/konferencja-architektura-regionalna-rzeczywista-potrzeba-czy-iluzja\/#breadcrumb\",\"itemListElement\":[{\"@type\":\"ListItem\",\"position\":1,\"name\":\"Strona g\u0142\u00f3wna\",\"item\":\"https:\/\/twojdomdialogztradycja.nid.pl\/\"},{\"@type\":\"ListItem\",\"position\":2,\"name\":\"Materia\u0142y audiowizualne\",\"item\":\"https:\/\/twojdomdialogztradycja.nid.pl\/materialy-audiowizualne\/\"},{\"@type\":\"ListItem\",\"position\":3,\"name\":\"Konferencja &#8222;Architektura regionalna &#8211; rzeczywista potrzeba czy iluzja&#8221;\"}]},{\"@type\":\"WebSite\",\"@id\":\"https:\/\/twojdomdialogztradycja.nid.pl\/#website\",\"url\":\"https:\/\/twojdomdialogztradycja.nid.pl\/\",\"name\":\"NID\",\"description\":\"Narodowy Instytut Dziedzictwa\",\"potentialAction\":[{\"@type\":\"SearchAction\",\"target\":{\"@type\":\"EntryPoint\",\"urlTemplate\":\"https:\/\/twojdomdialogztradycja.nid.pl\/?s={search_term_string}\"},\"query-input\":{\"@type\":\"PropertyValueSpecification\",\"valueRequired\":true,\"valueName\":\"search_term_string\"}}],\"inLanguage\":\"en-GB\"}]}<\/script>\n<!-- \/ Yoast SEO plugin. -->","yoast_head_json":{"title":"Konferencja \"Architektura regionalna - rzeczywista potrzeba czy iluzja\" - NID","robots":{"index":"index","follow":"follow","max-snippet":"max-snippet:-1","max-image-preview":"max-image-preview:large","max-video-preview":"max-video-preview:-1"},"canonical":"https:\/\/twojdomdialogztradycja.nid.pl\/en\/materialy-audiowizualne\/konferencja-architektura-regionalna-rzeczywista-potrzeba-czy-iluzja\/","og_locale":"en_GB","og_type":"article","og_title":"Konferencja \"Architektura regionalna - rzeczywista potrzeba czy iluzja\" - NID","og_description":"Konferencja na temat architektury regionalnej \u201eArchitektura regionalna \u2013 rzeczywista potrzeba czy iluzja?\u201d po\u0142\u0105czona z dyskusj\u0105 o mo\u017cliwo\u015bciach czerpania wzorc\u00f3w z tradycji we wsp\u00f3\u0142czesnym budownictwie w krajobrazie wiejskim i podmiejskim odby\u0142a [&hellip;]","og_url":"https:\/\/twojdomdialogztradycja.nid.pl\/en\/materialy-audiowizualne\/konferencja-architektura-regionalna-rzeczywista-potrzeba-czy-iluzja\/","og_site_name":"NID","article_modified_time":"2022-07-01T06:21:07+00:00","twitter_card":"summary_large_image","schema":{"@context":"https:\/\/schema.org","@graph":[{"@type":"WebPage","@id":"https:\/\/twojdomdialogztradycja.nid.pl\/materialy-audiowizualne\/konferencja-architektura-regionalna-rzeczywista-potrzeba-czy-iluzja\/","url":"https:\/\/twojdomdialogztradycja.nid.pl\/materialy-audiowizualne\/konferencja-architektura-regionalna-rzeczywista-potrzeba-czy-iluzja\/","name":"Konferencja \"Architektura regionalna - rzeczywista potrzeba czy iluzja\" - NID","isPartOf":{"@id":"https:\/\/twojdomdialogztradycja.nid.pl\/#website"},"datePublished":"2022-06-05T08:53:28+00:00","dateModified":"2022-07-01T06:21:07+00:00","breadcrumb":{"@id":"https:\/\/twojdomdialogztradycja.nid.pl\/materialy-audiowizualne\/konferencja-architektura-regionalna-rzeczywista-potrzeba-czy-iluzja\/#breadcrumb"},"inLanguage":"en-GB","potentialAction":[{"@type":"ReadAction","target":["https:\/\/twojdomdialogztradycja.nid.pl\/materialy-audiowizualne\/konferencja-architektura-regionalna-rzeczywista-potrzeba-czy-iluzja\/"]}]},{"@type":"BreadcrumbList","@id":"https:\/\/twojdomdialogztradycja.nid.pl\/materialy-audiowizualne\/konferencja-architektura-regionalna-rzeczywista-potrzeba-czy-iluzja\/#breadcrumb","itemListElement":[{"@type":"ListItem","position":1,"name":"Strona g\u0142\u00f3wna","item":"https:\/\/twojdomdialogztradycja.nid.pl\/"},{"@type":"ListItem","position":2,"name":"Materia\u0142y audiowizualne","item":"https:\/\/twojdomdialogztradycja.nid.pl\/materialy-audiowizualne\/"},{"@type":"ListItem","position":3,"name":"Konferencja &#8222;Architektura regionalna &#8211; rzeczywista potrzeba czy iluzja&#8221;"}]},{"@type":"WebSite","@id":"https:\/\/twojdomdialogztradycja.nid.pl\/#website","url":"https:\/\/twojdomdialogztradycja.nid.pl\/","name":"NID","description":"Narodowy Instytut Dziedzictwa","potentialAction":[{"@type":"SearchAction","target":{"@type":"EntryPoint","urlTemplate":"https:\/\/twojdomdialogztradycja.nid.pl\/?s={search_term_string}"},"query-input":{"@type":"PropertyValueSpecification","valueRequired":true,"valueName":"search_term_string"}}],"inLanguage":"en-GB"}]}},"_links":{"self":[{"href":"https:\/\/twojdomdialogztradycja.nid.pl\/en\/wp-json\/wp\/v2\/pages\/6670","targetHints":{"allow":["GET"]}}],"collection":[{"href":"https:\/\/twojdomdialogztradycja.nid.pl\/en\/wp-json\/wp\/v2\/pages"}],"about":[{"href":"https:\/\/twojdomdialogztradycja.nid.pl\/en\/wp-json\/wp\/v2\/types\/page"}],"author":[{"embeddable":true,"href":"https:\/\/twojdomdialogztradycja.nid.pl\/en\/wp-json\/wp\/v2\/users\/8"}],"replies":[{"embeddable":true,"href":"https:\/\/twojdomdialogztradycja.nid.pl\/en\/wp-json\/wp\/v2\/comments?post=6670"}],"version-history":[{"count":0,"href":"https:\/\/twojdomdialogztradycja.nid.pl\/en\/wp-json\/wp\/v2\/pages\/6670\/revisions"}],"up":[{"embeddable":true,"href":"https:\/\/twojdomdialogztradycja.nid.pl\/en\/wp-json\/wp\/v2\/pages\/6345"}],"wp:attachment":[{"href":"https:\/\/twojdomdialogztradycja.nid.pl\/en\/wp-json\/wp\/v2\/media?parent=6670"}],"curies":[{"name":"wp","href":"https:\/\/api.w.org\/{rel}","templated":true}]}}