{"id":6404,"date":"2022-05-31T08:09:46","date_gmt":"2022-05-31T06:09:46","guid":{"rendered":"https:\/\/twojdomdialogztradycja.nid.pl\/?page_id=6404"},"modified":"2022-07-14T15:18:17","modified_gmt":"2022-07-14T13:18:17","slug":"kategoria-studencka-woj-podlaskie","status":"publish","type":"page","link":"https:\/\/twojdomdialogztradycja.nid.pl\/en\/edukacja-architektoniczna\/kategoria-studencka-woj-podlaskie\/","title":{"rendered":"Kategoria studencka  &#8211; woj. podlaskie"},"content":{"rendered":"<p>[et_pb_section fb_built=&#8221;1&#8243; _builder_version=&#8221;4.7.4&#8243; _module_preset=&#8221;default&#8221; custom_padding=&#8221;0px||0px|||&#8221; global_colors_info=&#8221;{}&#8221;][et_pb_row admin_label=&#8221;asdsadsdd&#8221; _builder_version=&#8221;4.14.9&#8243; _module_preset=&#8221;default&#8221; background_image=&#8221;https:\/\/twojdomdialogztradycja.nid.pl\/wp-content\/uploads\/2022\/06\/Twoj-Dom-Edukacja-architektoniczna.jpg&#8221; width=&#8221;100%&#8221; max_width=&#8221;100%&#8221; height=&#8221;500px&#8221; custom_margin=&#8221;|auto||auto|false|false&#8221; custom_padding=&#8221;0px||0px|||&#8221; global_colors_info=&#8221;{}&#8221;][et_pb_column type=&#8221;4_4&#8243; _builder_version=&#8221;4.14.9&#8243; _module_preset=&#8221;default&#8221; global_colors_info=&#8221;{}&#8221;][\/et_pb_column][\/et_pb_row][\/et_pb_section][et_pb_section fb_built=&#8221;1&#8243; _builder_version=&#8221;4.7.4&#8243; _module_preset=&#8221;default&#8221; custom_padding=&#8221;0px|0px|0px|0px|false|false&#8221; global_colors_info=&#8221;{}&#8221;][et_pb_row _builder_version=&#8221;4.7.4&#8243; _module_preset=&#8221;default&#8221; width=&#8221;100%&#8221; max_width=&#8221;100%&#8221; custom_padding=&#8221;50px|50px|50px|50px|false|false&#8221; global_colors_info=&#8221;{}&#8221;][et_pb_column type=&#8221;4_4&#8243; _builder_version=&#8221;4.7.4&#8243; _module_preset=&#8221;default&#8221; global_colors_info=&#8221;{}&#8221;][et_pb_code _builder_version=&#8221;4.14.9&#8243; _module_preset=&#8221;default&#8221; custom_margin=&#8221;||0px||false|false&#8221; global_colors_info=&#8221;{}&#8221;]<\/p>\n<div id=\"backButtonBox\" class=\"et_pb_module et_pb_text et_pb_text_0  et_pb_text_align_left et_pb_bg_layout_light\" style=\"display: block;\"><!-- [et_pb_line_break_holder] --><\/p>\n<div class=\"et_pb_text_inner\">\n<div class=\"backButton\" onclick=\"javascript:window.history.back();\"><span>\u2190<\/span>Powr\u00f3t<\/div>\n<\/div>\n<p><!-- [et_pb_line_break_holder] --><\/div>\n<p>[\/et_pb_code][et_pb_text _builder_version=&#8221;4.7.4&#8243; _dynamic_attributes=&#8221;content&#8221; _module_preset=&#8221;default&#8221; text_font_size=&#8221;26px&#8221; custom_margin=&#8221;||25px||false|false&#8221; custom_padding=&#8221;||||false|false&#8221; global_colors_info=&#8221;{}&#8221;]@ET-DC@eyJkeW5hbWljIjp0cnVlLCJjb250ZW50IjoicG9zdF90aXRsZSIsInNldHRpbmdzIjp7ImJlZm9yZSI6IiIsImFmdGVyIjoiIn19@[\/et_pb_text][et_pb_divider _builder_version=&#8221;4.7.4&#8243; _module_preset=&#8221;default&#8221; background_color=&#8221;#e52330&#8243; height=&#8221;5px&#8221; custom_margin=&#8221;0px||25px||false|false&#8221; custom_padding=&#8221;0px||0px||false|false&#8221; global_colors_info=&#8221;{}&#8221;][\/et_pb_divider][et_pb_text _builder_version=&#8221;4.14.9&#8243; _module_preset=&#8221;default&#8221; hover_enabled=&#8221;0&#8243; global_colors_info=&#8221;{}&#8221; sticky_enabled=&#8221;0&#8243;]<\/p>\n<p><strong>Warsztaty z projektowania regionalnego 2021<\/strong><\/p>\n<p>W roku 2021 zorganizowane zosta\u0142y dwa warsztaty z projektowania regionalnego dla student\u00f3w architektury, odr\u0119bnie dla wojew\u00f3dztwa \u015bl\u0105skiego (lipiec 2021, w trybie zdalnym, 9 uczestnik\u00f3w) oraz wojew\u00f3dztwa podlaskiego (Bia\u0142ystok, listopad 2021, 21 uczestnik\u00f3w).W trakcie poznawano tradycje budowlan\u0105 poszczeg\u00f3lnych region\u00f3w oraz pod kierunkiem do\u015bwiadczonych dydaktyk\u00f3w-projektant\u00f3w wykonano koncepcj\u0119 domu mieszkalnego przeznaczonego do konkretnego miejsca. Warsztaty organizowali i prowadzili: dr Iwona Li\u017cewska (NID Olsztyn), dr in\u017c. arch. W\u0142odzimierz Witkowski (NID \u0141\u00f3d\u017a) oraz dr hab. in\u017c. arch. Jaros\u0142aw Szewczyk (Politechnika Bia\u0142ostocka). Tradycje budowlane wojew\u00f3dztwa \u015bl\u0105skiego przedstawia\u0142a Irena Kontny (Instytut My\u015bli Polskiej im. Wojciecha Korfantego), wojew\u00f3dztwa podlaskiego Iwona G\u00f3rska (NID Bia\u0142ystok). Udzia\u0142 w warsztatach by\u0142 bezp\u0142atny.<\/p>\n<p>&nbsp;<\/p>\n<h4>W kategorii studenckiej w wojew\u00f3dztwie \u015bl\u0105skim przyznano nast\u0119puj\u0105ce nagrody:<\/h4>\n<p><strong>I nagroda &#8211; Marianna Wa\u015bniewska<\/strong><\/p>\n<p>Za umiej\u0119tne nawi\u0105zanie do tradycyjnego wzorca zabudowy zagrody wyd\u0142u\u017conej oraz za klarowne wyra\u017cenie idei za pomoc\u0105 pow\u015bci\u0105gliwych \u015brodk\u00f3w. S\u0105d doceni\u0142 dojrza\u0142\u0105 koncepcj\u0119 projektu konsekwentnie zrealizowan\u0105, a maj\u0105c\u0105 sw\u00f3j pocz\u0105tek w uk\u0142adzie zabudowy i kontynuowanej w uporz\u0105dkowaniu planu, formie i elewacji.<\/p>\n<p><strong>II nagroda &#8211; Kornelia Traut<\/strong><\/p>\n<p>Za kameralny charakter projektowanego domu i jednorodny wyraz architektury utrzymanej we w\u0142a\u015bciwej skali.<\/p>\n<p>[\/et_pb_text][\/et_pb_column][\/et_pb_row][\/et_pb_section][et_pb_section fb_built=&#8221;1&#8243; _builder_version=&#8221;4.7.4&#8243; _module_preset=&#8221;default&#8221; custom_margin=&#8221;43px||||false|false&#8221; custom_padding=&#8221;0px||0px||false|false&#8221; global_module=&#8221;353&#8243; saved_tabs=&#8221;all&#8221; global_colors_info=&#8221;{}&#8221;][et_pb_row column_structure=&#8221;1_3,1_3,1_3&#8243; use_custom_gutter=&#8221;on&#8221; gutter_width=&#8221;1&#8243; _builder_version=&#8221;4.7.4&#8243; _module_preset=&#8221;default&#8221; background_color=&#8221;rgba(0,0,0,0)&#8221; width=&#8221;100%&#8221; max_width=&#8221;2560px&#8221; custom_padding=&#8221;0px||0px||false|false&#8221; global_colors_info=&#8221;{}&#8221;][et_pb_column type=&#8221;1_3&#8243; _builder_version=&#8221;4.7.4&#8243; _module_preset=&#8221;default&#8221; background_color=&#8221;#e52330&#8243; global_colors_info=&#8221;{}&#8221;][et_pb_blurb title=&#8221;Subskrybuj newsletter NID&#8221; use_icon=&#8221;on&#8221; font_icon=&#8221;&#xe106;||divi||400&#8243; icon_placement=&#8221;left&#8221; image_icon_width=&#8221;50px&#8221; module_class=&#8221;bigButtonModules&#8221; _builder_version=&#8221;4.14.9&#8243; _module_preset=&#8221;default&#8221; header_level=&#8221;h3&#8243; header_font=&#8221;|700|||||||&#8221; header_text_color=&#8221;#ffffff&#8221; body_text_color=&#8221;#ffffff&#8221; background_color=&#8221;#e52330&#8243; custom_margin=&#8221;||||false|false&#8221; custom_padding=&#8221;25px|25px|25px|25px|false|false&#8221; animation=&#8221;off&#8221; link_option_url=&#8221;https:\/\/nid.pl\/newsletter&#8221; custom_css_blurb_image=&#8221;padding-right: 20px;||vertical-align: middle;&#8221; icon_font_size=&#8221;50px&#8221; global_colors_info=&#8221;{}&#8221;]<\/p>\n<p>Zapisz si\u0119 do naszego newslettera i otrzymuj naj\u015bwie\u017csze informacj\u0119 ze \u015bwiata kultury.<\/p>\n<p>[\/et_pb_blurb][\/et_pb_column][et_pb_column type=&#8221;1_3&#8243; _builder_version=&#8221;4.7.4&#8243; _module_preset=&#8221;default&#8221; background_color=&#8221;#e52330&#8243; global_colors_info=&#8221;{}&#8221;][et_pb_blurb title=&#8221;Ksi\u0119garnia NID&#8221; url_new_window=&#8221;on&#8221; use_icon=&#8221;on&#8221; font_icon=&#8221;&#xe022;||divi||400&#8243; icon_placement=&#8221;left&#8221; image_icon_width=&#8221;50px&#8221; module_class=&#8221;bigButtonModules&#8221; _builder_version=&#8221;4.14.9&#8243; _module_preset=&#8221;default&#8221; header_level=&#8221;h3&#8243; header_font=&#8221;|700|||||||&#8221; header_text_color=&#8221;#ffffff&#8221; body_text_color=&#8221;#ffffff&#8221; background_color=&#8221;#444444&#8243; custom_margin=&#8221;||||false|false&#8221; custom_padding=&#8221;25px|25px|25px|25px|false|false&#8221; animation=&#8221;off&#8221; link_option_url=&#8221;https:\/\/ksiegarnia.nid.pl\/&#8221; link_option_url_new_window=&#8221;on&#8221; custom_css_blurb_image=&#8221;padding-right: 20px;||vertical-align: middle;&#8221; icon_font_size=&#8221;50px&#8221; global_colors_info=&#8221;{}&#8221;]<\/p>\n<p>Sprawd\u017a nasze produkty w ksi\u0119garni. Zamawiaj bez wychodzenia z domu ju\u017c teraz!<\/p>\n<p>[\/et_pb_blurb][\/et_pb_column][et_pb_column type=&#8221;1_3&#8243; _builder_version=&#8221;4.7.4&#8243; _module_preset=&#8221;default&#8221; background_color=&#8221;#e52330&#8243; global_colors_info=&#8221;{}&#8221;][et_pb_blurb title=&#8221;Platforma szkoleniowa&#8221; url_new_window=&#8221;on&#8221; use_icon=&#8221;on&#8221; font_icon=&#8221;&#xe0e9;||divi||400&#8243; icon_placement=&#8221;left&#8221; image_icon_width=&#8221;50px&#8221; module_class=&#8221;bigButtonModules&#8221; _builder_version=&#8221;4.13.0&#8243; _module_preset=&#8221;default&#8221; header_level=&#8221;h3&#8243; header_font=&#8221;|700|||||||&#8221; header_text_color=&#8221;#ffffff&#8221; body_text_color=&#8221;#ffffff&#8221; background_color=&#8221;#6b6b6b&#8221; custom_margin=&#8221;||||false|false&#8221; custom_padding=&#8221;25px|25px|25px|25px|false|false&#8221; animation=&#8221;off&#8221; link_option_url=&#8221;https:\/\/szkolenianid.learncom.pl&#8221; link_option_url_new_window=&#8221;on&#8221; custom_css_blurb_image=&#8221;padding-right: 20px;||vertical-align: middle;&#8221; icon_font_size=&#8221;50px&#8221; global_colors_info=&#8221;{}&#8221;]<\/p>\n<p>Zapisz si\u0119 na nasz\u0105 platform\u0119 e-szkoleniow\u0105 i dowiedz si\u0119 jak zarz\u0105dza\u0107 dziedzictwem i wykorzysta\u0107 jego potencja\u0142.<\/p>\n<p>[\/et_pb_blurb][\/et_pb_column][\/et_pb_row][\/et_pb_section]<\/p>","protected":false},"excerpt":{"rendered":"<p>Warsztaty z projektowania regionalnego 2021 W roku 2021 zorganizowane zosta\u0142y dwa warsztaty z projektowania regionalnego dla student\u00f3w architektury, odr\u0119bnie dla wojew\u00f3dztwa \u015bl\u0105skiego (lipiec 2021, w trybie zdalnym, 9 uczestnik\u00f3w) oraz [&hellip;]<\/p>","protected":false},"author":8,"featured_media":0,"parent":6357,"menu_order":2,"comment_status":"closed","ping_status":"closed","template":"","meta":{"_et_pb_use_builder":"on","_et_pb_old_content":"<!-- wp:divi\/placeholder \/-->","_et_gb_content_width":"","footnotes":""},"class_list":["post-6404","page","type-page","status-publish","hentry"],"yoast_head":"<!-- This site is optimized with the Yoast SEO plugin v26.5 - https:\/\/yoast.com\/wordpress\/plugins\/seo\/ -->\n<title>Kategoria studencka - woj. podlaskie - NID<\/title>\n<meta name=\"robots\" content=\"index, follow, max-snippet:-1, max-image-preview:large, max-video-preview:-1\" \/>\n<link rel=\"canonical\" href=\"https:\/\/twojdomdialogztradycja.nid.pl\/en\/edukacja-architektoniczna\/kategoria-studencka-woj-podlaskie\/\" \/>\n<meta property=\"og:locale\" content=\"en_GB\" \/>\n<meta property=\"og:type\" content=\"article\" \/>\n<meta property=\"og:title\" content=\"Kategoria studencka - woj. podlaskie - NID\" \/>\n<meta property=\"og:description\" content=\"Warsztaty z projektowania regionalnego 2021 W roku 2021 zorganizowane zosta\u0142y dwa warsztaty z projektowania regionalnego dla student\u00f3w architektury, odr\u0119bnie dla wojew\u00f3dztwa \u015bl\u0105skiego (lipiec 2021, w trybie zdalnym, 9 uczestnik\u00f3w) oraz [&hellip;]\" \/>\n<meta property=\"og:url\" content=\"https:\/\/twojdomdialogztradycja.nid.pl\/en\/edukacja-architektoniczna\/kategoria-studencka-woj-podlaskie\/\" \/>\n<meta property=\"og:site_name\" content=\"NID\" \/>\n<meta property=\"article:modified_time\" content=\"2022-07-14T13:18:17+00:00\" \/>\n<meta name=\"twitter:card\" content=\"summary_large_image\" \/>\n<script type=\"application\/ld+json\" class=\"yoast-schema-graph\">{\"@context\":\"https:\/\/schema.org\",\"@graph\":[{\"@type\":\"WebPage\",\"@id\":\"https:\/\/twojdomdialogztradycja.nid.pl\/edukacja-architektoniczna\/kategoria-studencka-woj-podlaskie\/\",\"url\":\"https:\/\/twojdomdialogztradycja.nid.pl\/edukacja-architektoniczna\/kategoria-studencka-woj-podlaskie\/\",\"name\":\"Kategoria studencka - woj. podlaskie - NID\",\"isPartOf\":{\"@id\":\"https:\/\/twojdomdialogztradycja.nid.pl\/#website\"},\"datePublished\":\"2022-05-31T06:09:46+00:00\",\"dateModified\":\"2022-07-14T13:18:17+00:00\",\"breadcrumb\":{\"@id\":\"https:\/\/twojdomdialogztradycja.nid.pl\/edukacja-architektoniczna\/kategoria-studencka-woj-podlaskie\/#breadcrumb\"},\"inLanguage\":\"en-GB\",\"potentialAction\":[{\"@type\":\"ReadAction\",\"target\":[\"https:\/\/twojdomdialogztradycja.nid.pl\/edukacja-architektoniczna\/kategoria-studencka-woj-podlaskie\/\"]}]},{\"@type\":\"BreadcrumbList\",\"@id\":\"https:\/\/twojdomdialogztradycja.nid.pl\/edukacja-architektoniczna\/kategoria-studencka-woj-podlaskie\/#breadcrumb\",\"itemListElement\":[{\"@type\":\"ListItem\",\"position\":1,\"name\":\"Strona g\u0142\u00f3wna\",\"item\":\"https:\/\/twojdomdialogztradycja.nid.pl\/\"},{\"@type\":\"ListItem\",\"position\":2,\"name\":\"Edukacja architektoniczna\",\"item\":\"https:\/\/twojdomdialogztradycja.nid.pl\/edukacja-architektoniczna\/\"},{\"@type\":\"ListItem\",\"position\":3,\"name\":\"Kategoria studencka &#8211; woj. podlaskie\"}]},{\"@type\":\"WebSite\",\"@id\":\"https:\/\/twojdomdialogztradycja.nid.pl\/#website\",\"url\":\"https:\/\/twojdomdialogztradycja.nid.pl\/\",\"name\":\"NID\",\"description\":\"Narodowy Instytut Dziedzictwa\",\"potentialAction\":[{\"@type\":\"SearchAction\",\"target\":{\"@type\":\"EntryPoint\",\"urlTemplate\":\"https:\/\/twojdomdialogztradycja.nid.pl\/?s={search_term_string}\"},\"query-input\":{\"@type\":\"PropertyValueSpecification\",\"valueRequired\":true,\"valueName\":\"search_term_string\"}}],\"inLanguage\":\"en-GB\"}]}<\/script>\n<!-- \/ Yoast SEO plugin. -->","yoast_head_json":{"title":"Kategoria studencka - woj. podlaskie - NID","robots":{"index":"index","follow":"follow","max-snippet":"max-snippet:-1","max-image-preview":"max-image-preview:large","max-video-preview":"max-video-preview:-1"},"canonical":"https:\/\/twojdomdialogztradycja.nid.pl\/en\/edukacja-architektoniczna\/kategoria-studencka-woj-podlaskie\/","og_locale":"en_GB","og_type":"article","og_title":"Kategoria studencka - woj. podlaskie - NID","og_description":"Warsztaty z projektowania regionalnego 2021 W roku 2021 zorganizowane zosta\u0142y dwa warsztaty z projektowania regionalnego dla student\u00f3w architektury, odr\u0119bnie dla wojew\u00f3dztwa \u015bl\u0105skiego (lipiec 2021, w trybie zdalnym, 9 uczestnik\u00f3w) oraz [&hellip;]","og_url":"https:\/\/twojdomdialogztradycja.nid.pl\/en\/edukacja-architektoniczna\/kategoria-studencka-woj-podlaskie\/","og_site_name":"NID","article_modified_time":"2022-07-14T13:18:17+00:00","twitter_card":"summary_large_image","schema":{"@context":"https:\/\/schema.org","@graph":[{"@type":"WebPage","@id":"https:\/\/twojdomdialogztradycja.nid.pl\/edukacja-architektoniczna\/kategoria-studencka-woj-podlaskie\/","url":"https:\/\/twojdomdialogztradycja.nid.pl\/edukacja-architektoniczna\/kategoria-studencka-woj-podlaskie\/","name":"Kategoria studencka - woj. podlaskie - NID","isPartOf":{"@id":"https:\/\/twojdomdialogztradycja.nid.pl\/#website"},"datePublished":"2022-05-31T06:09:46+00:00","dateModified":"2022-07-14T13:18:17+00:00","breadcrumb":{"@id":"https:\/\/twojdomdialogztradycja.nid.pl\/edukacja-architektoniczna\/kategoria-studencka-woj-podlaskie\/#breadcrumb"},"inLanguage":"en-GB","potentialAction":[{"@type":"ReadAction","target":["https:\/\/twojdomdialogztradycja.nid.pl\/edukacja-architektoniczna\/kategoria-studencka-woj-podlaskie\/"]}]},{"@type":"BreadcrumbList","@id":"https:\/\/twojdomdialogztradycja.nid.pl\/edukacja-architektoniczna\/kategoria-studencka-woj-podlaskie\/#breadcrumb","itemListElement":[{"@type":"ListItem","position":1,"name":"Strona g\u0142\u00f3wna","item":"https:\/\/twojdomdialogztradycja.nid.pl\/"},{"@type":"ListItem","position":2,"name":"Edukacja architektoniczna","item":"https:\/\/twojdomdialogztradycja.nid.pl\/edukacja-architektoniczna\/"},{"@type":"ListItem","position":3,"name":"Kategoria studencka &#8211; woj. podlaskie"}]},{"@type":"WebSite","@id":"https:\/\/twojdomdialogztradycja.nid.pl\/#website","url":"https:\/\/twojdomdialogztradycja.nid.pl\/","name":"NID","description":"Narodowy Instytut Dziedzictwa","potentialAction":[{"@type":"SearchAction","target":{"@type":"EntryPoint","urlTemplate":"https:\/\/twojdomdialogztradycja.nid.pl\/?s={search_term_string}"},"query-input":{"@type":"PropertyValueSpecification","valueRequired":true,"valueName":"search_term_string"}}],"inLanguage":"en-GB"}]}},"_links":{"self":[{"href":"https:\/\/twojdomdialogztradycja.nid.pl\/en\/wp-json\/wp\/v2\/pages\/6404","targetHints":{"allow":["GET"]}}],"collection":[{"href":"https:\/\/twojdomdialogztradycja.nid.pl\/en\/wp-json\/wp\/v2\/pages"}],"about":[{"href":"https:\/\/twojdomdialogztradycja.nid.pl\/en\/wp-json\/wp\/v2\/types\/page"}],"author":[{"embeddable":true,"href":"https:\/\/twojdomdialogztradycja.nid.pl\/en\/wp-json\/wp\/v2\/users\/8"}],"replies":[{"embeddable":true,"href":"https:\/\/twojdomdialogztradycja.nid.pl\/en\/wp-json\/wp\/v2\/comments?post=6404"}],"version-history":[{"count":0,"href":"https:\/\/twojdomdialogztradycja.nid.pl\/en\/wp-json\/wp\/v2\/pages\/6404\/revisions"}],"up":[{"embeddable":true,"href":"https:\/\/twojdomdialogztradycja.nid.pl\/en\/wp-json\/wp\/v2\/pages\/6357"}],"wp:attachment":[{"href":"https:\/\/twojdomdialogztradycja.nid.pl\/en\/wp-json\/wp\/v2\/media?parent=6404"}],"curies":[{"name":"wp","href":"https:\/\/api.w.org\/{rel}","templated":true}]}}