{"id":6339,"date":"2022-05-30T11:50:07","date_gmt":"2022-05-30T09:50:07","guid":{"rendered":"https:\/\/twojdomdialogztradycja.nid.pl\/?page_id=6339"},"modified":"2022-10-06T14:59:58","modified_gmt":"2022-10-06T12:59:58","slug":"o-projekcie","status":"publish","type":"page","link":"https:\/\/twojdomdialogztradycja.nid.pl\/en\/o-projekcie\/","title":{"rendered":"O projekcie \u201eTw\u00f3j dom \u2013 dialog z tradycj\u0105\u201d"},"content":{"rendered":"<p>[et_pb_section fb_built=&#8221;1&#8243; _builder_version=&#8221;4.7.4&#8243; _module_preset=&#8221;default&#8221; custom_padding=&#8221;0px||0px|||&#8221; global_colors_info=&#8221;{}&#8221;][et_pb_row admin_label=&#8221;asdsadsdd&#8221; _builder_version=&#8221;4.14.9&#8243; _module_preset=&#8221;default&#8221; background_image=&#8221;https:\/\/twojdomdialogztradycja.nid.pl\/wp-content\/uploads\/2022\/05\/twoj-dom-z-tradycja-top-motto.jpg&#8221; width=&#8221;100%&#8221; max_width=&#8221;100%&#8221; height=&#8221;500px&#8221; custom_margin=&#8221;|auto||auto|false|false&#8221; custom_padding=&#8221;0px||0px|||&#8221; global_colors_info=&#8221;{}&#8221;][et_pb_column type=&#8221;4_4&#8243; _builder_version=&#8221;4.14.9&#8243; _module_preset=&#8221;default&#8221; global_colors_info=&#8221;{}&#8221;][\/et_pb_column][\/et_pb_row][\/et_pb_section][et_pb_section fb_built=&#8221;1&#8243; _builder_version=&#8221;4.7.4&#8243; _module_preset=&#8221;default&#8221; custom_padding=&#8221;0px|0px|0px|0px|false|false&#8221; global_colors_info=&#8221;{}&#8221;][et_pb_row _builder_version=&#8221;4.7.4&#8243; _module_preset=&#8221;default&#8221; width=&#8221;100%&#8221; max_width=&#8221;100%&#8221; custom_padding=&#8221;50px|50px|50px|50px|false|false&#8221; global_colors_info=&#8221;{}&#8221;][et_pb_column type=&#8221;4_4&#8243; _builder_version=&#8221;4.7.4&#8243; _module_preset=&#8221;default&#8221; global_colors_info=&#8221;{}&#8221;][et_pb_code _builder_version=&#8221;4.14.9&#8243; _module_preset=&#8221;default&#8221; custom_margin=&#8221;||0px||false|false&#8221; global_colors_info=&#8221;{}&#8221;]<\/p>\n<div id=\"backButtonBox\" class=\"et_pb_module et_pb_text et_pb_text_0  et_pb_text_align_left et_pb_bg_layout_light\" style=\"display: block;\"><!-- [et_pb_line_break_holder] --><\/p>\n<div class=\"et_pb_text_inner\">\n<div class=\"backButton\" onclick=\"javascript:window.history.back();\"><span>\u2190<\/span>Powr\u00f3t<\/div>\n<\/div>\n<p><!-- [et_pb_line_break_holder] --><\/div>\n<p>[\/et_pb_code][et_pb_text _builder_version=&#8221;4.7.4&#8243; _dynamic_attributes=&#8221;content&#8221; _module_preset=&#8221;default&#8221; text_font_size=&#8221;26px&#8221; custom_margin=&#8221;||25px||false|false&#8221; custom_padding=&#8221;||||false|false&#8221; global_colors_info=&#8221;{}&#8221;]@ET-DC@eyJkeW5hbWljIjp0cnVlLCJjb250ZW50IjoicG9zdF90aXRsZSIsInNldHRpbmdzIjp7ImJlZm9yZSI6IiIsImFmdGVyIjoiIn19@[\/et_pb_text][et_pb_divider _builder_version=&#8221;4.14.9&#8243; _module_preset=&#8221;default&#8221; height=&#8221;5px&#8221; custom_margin=&#8221;0px||25px||false|false&#8221; custom_padding=&#8221;0px||0px||false|false&#8221; hover_enabled=&#8221;0&#8243; global_colors_info=&#8221;{}&#8221; sticky_enabled=&#8221;0&#8243;][\/et_pb_divider][et_pb_text _builder_version=&#8221;4.14.9&#8243; _module_preset=&#8221;default&#8221; global_colors_info=&#8221;{}&#8221;]<\/p>\n<p><strong>\u201eTw\u00f3j dom &#8211; dialog z tradycj\u0105\u201d<\/strong> to projekt po\u015bwi\u0119cony architekturze regionalnej. Takiej, w kt\u00f3rej wykorzystuje si\u0119 r\u00f3\u017cnorodno\u015b\u0107 i tradycje danego regionu, a jednocze\u015bnie stosuje wsp\u00f3\u0142czesne rozwi\u0105zania technologiczne i tw\u00f3rcze pomys\u0142y.<\/p>\n<p>G\u0142\u00f3wnym dzia\u0142aniem jest og\u00f3lnopolski konkurs \u00a0o tej samej nazwie. Celem konkursu jest znalezienie i popularyzacja projekt\u00f3w dom\u00f3w nawi\u0105zuj\u0105cych do lokalnej tradycji i dziedzictwa kulturowego poszczeg\u00f3lnych region\u00f3w Polski. Pierwszy taki konkurs zorganizowano w 2010 roku w wojew\u00f3dztwie warmi\u0144sko-mazurskim, w roku 2021 odby\u0142y si\u0119 nast\u0119pne, w wojew\u00f3dztwach \u015bl\u0105skim i podlaskim. W wojew\u00f3dztwie warmi\u0144skim nagrodzono i wyr\u00f3\u017cniono 28 projekt\u00f3w, w \u015bl\u0105skim 9, w podlaskim 11. Mo\u017cna je znale\u017a\u0107 w katalogach oraz na stronie internetowej. Wszystkie projekty przeznaczone s\u0105 do sprzeda\u017cy i do realizacji. Niekt\u00f3re domy ju\u017c wybudowano. <span style=\"text-decoration: line-through;\"><\/span><\/p>\n<p>Od 2020 roku prowadzone s\u0105 te\u017c inne dzia\u0142ania edukacyjne, badawcze i promocyjne.\u00a0\u00a0 W 2020 roku wykonano opracowania po\u015bwi\u0119cone budownictwu historycznemu wojew\u00f3dztw podlaskiego i \u015bl\u0105skiego . W pa\u017adzierniku tego roku odby\u0142 si\u0119 webinar po\u015bwi\u0119cony zagadnieniom przysz\u0142o\u015bci architektury regionalnej. Powsta\u0142 r\u00f3wnie\u017c film \u201eTw\u00f3j dom \u2013 dialog z tradycj\u0105\u201d, w kt\u00f3rym zaprezentowano domy wybudowane w takim duchu w ostatniej dekadzie na Warmii i Mazurach. W 2021 roku w Olsztynie zorganizowano konferencj\u0119 pod tytu\u0142em \u00a0\u201eArchitektura regionalna \u2013 rzeczywista potrzeba czy iluzja?\u201d, po\u015bwi\u0119con\u0105 problematyce budownictwa.<\/p>\n<p>W roku 2021 zorganizowano og\u00f3lnopolskie warsztaty z projektowania regionalnego dla student\u00f3w architektury. Takie warsztaty odby\u0142y si\u0119 we Fromborku (lipiec) oraz Bia\u0142ymstoku (listopad).<\/p>\n<p>Przy organizacji konkursu wsp\u00f3\u0142pracowano ze Stowarzyszeniem Architekt\u00f3w Polskich, odpowiednio z oddzia\u0142ami w Olsztynie (2010), Katowicach i Cz\u0119stochowie (2021) oraz Bia\u0142ymstoku (2021).<\/p>\n<p>Zach\u0119camy do kontynuowania lokalnych tradycji. Do budowania zgodnie z tradycj\u0105 i krajobrazem.<\/p>\n<p>[\/et_pb_text][\/et_pb_column][\/et_pb_row][\/et_pb_section][et_pb_section fb_built=&#8221;1&#8243; _builder_version=&#8221;4.7.4&#8243; _module_preset=&#8221;default&#8221; custom_margin=&#8221;43px||||false|false&#8221; custom_padding=&#8221;0px||0px||false|false&#8221; global_module=&#8221;353&#8243; saved_tabs=&#8221;all&#8221; global_colors_info=&#8221;{}&#8221;][et_pb_row column_structure=&#8221;1_3,1_3,1_3&#8243; use_custom_gutter=&#8221;on&#8221; gutter_width=&#8221;1&#8243; _builder_version=&#8221;4.7.4&#8243; _module_preset=&#8221;default&#8221; background_color=&#8221;rgba(0,0,0,0)&#8221; width=&#8221;100%&#8221; max_width=&#8221;2560px&#8221; custom_padding=&#8221;0px||0px||false|false&#8221; global_colors_info=&#8221;{}&#8221;][et_pb_column type=&#8221;1_3&#8243; _builder_version=&#8221;4.7.4&#8243; _module_preset=&#8221;default&#8221; background_color=&#8221;#e52330&#8243; global_colors_info=&#8221;{}&#8221;][et_pb_blurb title=&#8221;Subskrybuj newsletter NID&#8221; use_icon=&#8221;on&#8221; font_icon=&#8221;&#xe106;||divi||400&#8243; icon_placement=&#8221;left&#8221; image_icon_width=&#8221;50px&#8221; module_class=&#8221;bigButtonModules&#8221; _builder_version=&#8221;4.14.9&#8243; _module_preset=&#8221;default&#8221; header_level=&#8221;h3&#8243; header_font=&#8221;|700|||||||&#8221; header_text_color=&#8221;#ffffff&#8221; body_text_color=&#8221;#ffffff&#8221; background_color=&#8221;#e52330&#8243; custom_margin=&#8221;||||false|false&#8221; custom_padding=&#8221;25px|25px|25px|25px|false|false&#8221; animation=&#8221;off&#8221; link_option_url=&#8221;https:\/\/nid.pl\/newsletter&#8221; custom_css_blurb_image=&#8221;padding-right: 20px;||vertical-align: middle;&#8221; icon_font_size=&#8221;50px&#8221; global_colors_info=&#8221;{}&#8221;]<\/p>\n<p>Zapisz si\u0119 do naszego newslettera i otrzymuj naj\u015bwie\u017csze informacj\u0119 ze \u015bwiata kultury.<\/p>\n<p>[\/et_pb_blurb][\/et_pb_column][et_pb_column type=&#8221;1_3&#8243; _builder_version=&#8221;4.7.4&#8243; _module_preset=&#8221;default&#8221; background_color=&#8221;#e52330&#8243; global_colors_info=&#8221;{}&#8221;][et_pb_blurb title=&#8221;Ksi\u0119garnia NID&#8221; url_new_window=&#8221;on&#8221; use_icon=&#8221;on&#8221; font_icon=&#8221;&#xe022;||divi||400&#8243; icon_placement=&#8221;left&#8221; image_icon_width=&#8221;50px&#8221; module_class=&#8221;bigButtonModules&#8221; _builder_version=&#8221;4.14.9&#8243; _module_preset=&#8221;default&#8221; header_level=&#8221;h3&#8243; header_font=&#8221;|700|||||||&#8221; header_text_color=&#8221;#ffffff&#8221; body_text_color=&#8221;#ffffff&#8221; background_color=&#8221;#444444&#8243; custom_margin=&#8221;||||false|false&#8221; custom_padding=&#8221;25px|25px|25px|25px|false|false&#8221; animation=&#8221;off&#8221; link_option_url=&#8221;https:\/\/ksiegarnia.nid.pl\/&#8221; link_option_url_new_window=&#8221;on&#8221; custom_css_blurb_image=&#8221;padding-right: 20px;||vertical-align: middle;&#8221; icon_font_size=&#8221;50px&#8221; global_colors_info=&#8221;{}&#8221;]<\/p>\n<p>Sprawd\u017a nasze produkty w ksi\u0119garni. Zamawiaj bez wychodzenia z domu ju\u017c teraz!<\/p>\n<p>[\/et_pb_blurb][\/et_pb_column][et_pb_column type=&#8221;1_3&#8243; _builder_version=&#8221;4.7.4&#8243; _module_preset=&#8221;default&#8221; background_color=&#8221;#e52330&#8243; global_colors_info=&#8221;{}&#8221;][et_pb_blurb title=&#8221;Platforma szkoleniowa&#8221; url_new_window=&#8221;on&#8221; use_icon=&#8221;on&#8221; font_icon=&#8221;&#xe0e9;||divi||400&#8243; icon_placement=&#8221;left&#8221; image_icon_width=&#8221;50px&#8221; module_class=&#8221;bigButtonModules&#8221; _builder_version=&#8221;4.13.0&#8243; _module_preset=&#8221;default&#8221; header_level=&#8221;h3&#8243; header_font=&#8221;|700|||||||&#8221; header_text_color=&#8221;#ffffff&#8221; body_text_color=&#8221;#ffffff&#8221; background_color=&#8221;#6b6b6b&#8221; custom_margin=&#8221;||||false|false&#8221; custom_padding=&#8221;25px|25px|25px|25px|false|false&#8221; animation=&#8221;off&#8221; link_option_url=&#8221;https:\/\/szkolenianid.learncom.pl&#8221; link_option_url_new_window=&#8221;on&#8221; custom_css_blurb_image=&#8221;padding-right: 20px;||vertical-align: middle;&#8221; icon_font_size=&#8221;50px&#8221; global_colors_info=&#8221;{}&#8221;]<\/p>\n<p>Zapisz si\u0119 na nasz\u0105 platform\u0119 e-szkoleniow\u0105 i dowiedz si\u0119 jak zarz\u0105dza\u0107 dziedzictwem i wykorzysta\u0107 jego potencja\u0142.<\/p>\n<p>[\/et_pb_blurb][\/et_pb_column][\/et_pb_row][\/et_pb_section]<\/p>","protected":false},"excerpt":{"rendered":"<p>\u201eTw\u00f3j dom &#8211; dialog z tradycj\u0105\u201d to projekt po\u015bwi\u0119cony architekturze regionalnej. Takiej, w kt\u00f3rej wykorzystuje si\u0119 r\u00f3\u017cnorodno\u015b\u0107 i tradycje danego regionu, a jednocze\u015bnie stosuje wsp\u00f3\u0142czesne rozwi\u0105zania technologiczne i tw\u00f3rcze pomys\u0142y. [&hellip;]<\/p>","protected":false},"author":8,"featured_media":0,"parent":0,"menu_order":0,"comment_status":"closed","ping_status":"closed","template":"","meta":{"_et_pb_use_builder":"on","_et_pb_old_content":"<!-- wp:divi\/placeholder \/-->","_et_gb_content_width":"","footnotes":""},"class_list":["post-6339","page","type-page","status-publish","hentry"],"yoast_head":"<!-- This site is optimized with the Yoast SEO plugin v26.5 - https:\/\/yoast.com\/wordpress\/plugins\/seo\/ -->\n<title>O projekcie \u201eTw\u00f3j dom \u2013 dialog z tradycj\u0105\u201d - NID<\/title>\n<meta name=\"robots\" content=\"index, follow, max-snippet:-1, max-image-preview:large, max-video-preview:-1\" \/>\n<link rel=\"canonical\" href=\"https:\/\/twojdomdialogztradycja.nid.pl\/en\/o-projekcie\/\" \/>\n<meta property=\"og:locale\" content=\"en_GB\" \/>\n<meta property=\"og:type\" content=\"article\" \/>\n<meta property=\"og:title\" content=\"O projekcie \u201eTw\u00f3j dom \u2013 dialog z tradycj\u0105\u201d - NID\" \/>\n<meta property=\"og:description\" content=\"\u201eTw\u00f3j dom - dialog z tradycj\u0105\u201d to projekt po\u015bwi\u0119cony architekturze regionalnej. Takiej, w kt\u00f3rej wykorzystuje si\u0119 r\u00f3\u017cnorodno\u015b\u0107 i tradycje danego regionu, a jednocze\u015bnie stosuje wsp\u00f3\u0142czesne rozwi\u0105zania technologiczne i tw\u00f3rcze pomys\u0142y. [&hellip;]\" \/>\n<meta property=\"og:url\" content=\"https:\/\/twojdomdialogztradycja.nid.pl\/en\/o-projekcie\/\" \/>\n<meta property=\"og:site_name\" content=\"NID\" \/>\n<meta property=\"article:modified_time\" content=\"2022-10-06T12:59:58+00:00\" \/>\n<meta name=\"twitter:card\" content=\"summary_large_image\" \/>\n<meta name=\"twitter:label1\" content=\"Estimated reading time\" \/>\n\t<meta name=\"twitter:data1\" content=\"3 minutes\" \/>\n<script type=\"application\/ld+json\" class=\"yoast-schema-graph\">{\"@context\":\"https:\/\/schema.org\",\"@graph\":[{\"@type\":\"WebPage\",\"@id\":\"https:\/\/twojdomdialogztradycja.nid.pl\/o-projekcie\/\",\"url\":\"https:\/\/twojdomdialogztradycja.nid.pl\/o-projekcie\/\",\"name\":\"O projekcie \u201eTw\u00f3j dom \u2013 dialog z tradycj\u0105\u201d - NID\",\"isPartOf\":{\"@id\":\"https:\/\/twojdomdialogztradycja.nid.pl\/#website\"},\"datePublished\":\"2022-05-30T09:50:07+00:00\",\"dateModified\":\"2022-10-06T12:59:58+00:00\",\"breadcrumb\":{\"@id\":\"https:\/\/twojdomdialogztradycja.nid.pl\/o-projekcie\/#breadcrumb\"},\"inLanguage\":\"en-GB\",\"potentialAction\":[{\"@type\":\"ReadAction\",\"target\":[\"https:\/\/twojdomdialogztradycja.nid.pl\/o-projekcie\/\"]}]},{\"@type\":\"BreadcrumbList\",\"@id\":\"https:\/\/twojdomdialogztradycja.nid.pl\/o-projekcie\/#breadcrumb\",\"itemListElement\":[{\"@type\":\"ListItem\",\"position\":1,\"name\":\"Strona g\u0142\u00f3wna\",\"item\":\"https:\/\/twojdomdialogztradycja.nid.pl\/\"},{\"@type\":\"ListItem\",\"position\":2,\"name\":\"O projekcie \u201eTw\u00f3j dom \u2013 dialog z tradycj\u0105\u201d\"}]},{\"@type\":\"WebSite\",\"@id\":\"https:\/\/twojdomdialogztradycja.nid.pl\/#website\",\"url\":\"https:\/\/twojdomdialogztradycja.nid.pl\/\",\"name\":\"NID\",\"description\":\"Narodowy Instytut Dziedzictwa\",\"potentialAction\":[{\"@type\":\"SearchAction\",\"target\":{\"@type\":\"EntryPoint\",\"urlTemplate\":\"https:\/\/twojdomdialogztradycja.nid.pl\/?s={search_term_string}\"},\"query-input\":{\"@type\":\"PropertyValueSpecification\",\"valueRequired\":true,\"valueName\":\"search_term_string\"}}],\"inLanguage\":\"en-GB\"}]}<\/script>\n<!-- \/ Yoast SEO plugin. -->","yoast_head_json":{"title":"O projekcie \u201eTw\u00f3j dom \u2013 dialog z tradycj\u0105\u201d - NID","robots":{"index":"index","follow":"follow","max-snippet":"max-snippet:-1","max-image-preview":"max-image-preview:large","max-video-preview":"max-video-preview:-1"},"canonical":"https:\/\/twojdomdialogztradycja.nid.pl\/en\/o-projekcie\/","og_locale":"en_GB","og_type":"article","og_title":"O projekcie \u201eTw\u00f3j dom \u2013 dialog z tradycj\u0105\u201d - NID","og_description":"\u201eTw\u00f3j dom - dialog z tradycj\u0105\u201d to projekt po\u015bwi\u0119cony architekturze regionalnej. Takiej, w kt\u00f3rej wykorzystuje si\u0119 r\u00f3\u017cnorodno\u015b\u0107 i tradycje danego regionu, a jednocze\u015bnie stosuje wsp\u00f3\u0142czesne rozwi\u0105zania technologiczne i tw\u00f3rcze pomys\u0142y. [&hellip;]","og_url":"https:\/\/twojdomdialogztradycja.nid.pl\/en\/o-projekcie\/","og_site_name":"NID","article_modified_time":"2022-10-06T12:59:58+00:00","twitter_card":"summary_large_image","twitter_misc":{"Estimated reading time":"3 minutes"},"schema":{"@context":"https:\/\/schema.org","@graph":[{"@type":"WebPage","@id":"https:\/\/twojdomdialogztradycja.nid.pl\/o-projekcie\/","url":"https:\/\/twojdomdialogztradycja.nid.pl\/o-projekcie\/","name":"O projekcie \u201eTw\u00f3j dom \u2013 dialog z tradycj\u0105\u201d - NID","isPartOf":{"@id":"https:\/\/twojdomdialogztradycja.nid.pl\/#website"},"datePublished":"2022-05-30T09:50:07+00:00","dateModified":"2022-10-06T12:59:58+00:00","breadcrumb":{"@id":"https:\/\/twojdomdialogztradycja.nid.pl\/o-projekcie\/#breadcrumb"},"inLanguage":"en-GB","potentialAction":[{"@type":"ReadAction","target":["https:\/\/twojdomdialogztradycja.nid.pl\/o-projekcie\/"]}]},{"@type":"BreadcrumbList","@id":"https:\/\/twojdomdialogztradycja.nid.pl\/o-projekcie\/#breadcrumb","itemListElement":[{"@type":"ListItem","position":1,"name":"Strona g\u0142\u00f3wna","item":"https:\/\/twojdomdialogztradycja.nid.pl\/"},{"@type":"ListItem","position":2,"name":"O projekcie \u201eTw\u00f3j dom \u2013 dialog z tradycj\u0105\u201d"}]},{"@type":"WebSite","@id":"https:\/\/twojdomdialogztradycja.nid.pl\/#website","url":"https:\/\/twojdomdialogztradycja.nid.pl\/","name":"NID","description":"Narodowy Instytut Dziedzictwa","potentialAction":[{"@type":"SearchAction","target":{"@type":"EntryPoint","urlTemplate":"https:\/\/twojdomdialogztradycja.nid.pl\/?s={search_term_string}"},"query-input":{"@type":"PropertyValueSpecification","valueRequired":true,"valueName":"search_term_string"}}],"inLanguage":"en-GB"}]}},"_links":{"self":[{"href":"https:\/\/twojdomdialogztradycja.nid.pl\/en\/wp-json\/wp\/v2\/pages\/6339","targetHints":{"allow":["GET"]}}],"collection":[{"href":"https:\/\/twojdomdialogztradycja.nid.pl\/en\/wp-json\/wp\/v2\/pages"}],"about":[{"href":"https:\/\/twojdomdialogztradycja.nid.pl\/en\/wp-json\/wp\/v2\/types\/page"}],"author":[{"embeddable":true,"href":"https:\/\/twojdomdialogztradycja.nid.pl\/en\/wp-json\/wp\/v2\/users\/8"}],"replies":[{"embeddable":true,"href":"https:\/\/twojdomdialogztradycja.nid.pl\/en\/wp-json\/wp\/v2\/comments?post=6339"}],"version-history":[{"count":0,"href":"https:\/\/twojdomdialogztradycja.nid.pl\/en\/wp-json\/wp\/v2\/pages\/6339\/revisions"}],"wp:attachment":[{"href":"https:\/\/twojdomdialogztradycja.nid.pl\/en\/wp-json\/wp\/v2\/media?parent=6339"}],"curies":[{"name":"wp","href":"https:\/\/api.w.org\/{rel}","templated":true}]}}